{"id":498,"date":"2020-07-09T10:25:38","date_gmt":"2020-07-09T10:25:38","guid":{"rendered":"https:\/\/bridge380.qodeinteractive.com\/?page_id=148"},"modified":"2026-04-13T15:00:00","modified_gmt":"2026-04-13T13:00:00","slug":"acerca-de-nosotros","status":"publish","type":"page","link":"https:\/\/www.aldoriababy.com\/es\/om-oss\/","title":{"rendered":"Qui\u00e9nes somos"},"content":{"rendered":"<div data-elementor-type=\"wp-page\" data-elementor-id=\"498\" class=\"elementor elementor-498\" data-elementor-post-type=\"page\">\n\t\t\t\t<div class=\"elementor-element elementor-element-01a15d6 e-con-full e-flex e-con e-parent\" data-id=\"01a15d6\" data-element_type=\"container\" data-e-type=\"container\" data-settings=\"{&quot;background_background&quot;:&quot;classic&quot;}\">\n\t\t<div class=\"elementor-element elementor-element-f8c15c7 e-flex e-con-boxed e-con e-child\" data-id=\"f8c15c7\" data-element_type=\"container\" data-e-type=\"container\">\n\t\t\t\t\t<div class=\"e-con-inner\">\n\t\t\t\t<div class=\"elementor-element elementor-element-d6a979f elementor-widget elementor-widget-heading\" data-id=\"d6a979f\" data-element_type=\"widget\" data-e-type=\"widget\" data-widget_type=\"heading.default\">\n\t\t\t\t<div class=\"elementor-widget-container\">\n\t\t\t\t\t<h2 class=\"elementor-heading-title elementor-size-default\">Acerca de Aldoria<\/h2>\t\t\t\t<\/div>\n\t\t\t\t<\/div>\n\t\t\t\t\t<\/div>\n\t\t\t\t<\/div>\n\t\t\t\t<\/div>\n\t\t<div class=\"elementor-element elementor-element-4f7708b e-flex e-con-boxed e-con e-parent\" data-id=\"4f7708b\" data-element_type=\"container\" data-e-type=\"container\">\n\t\t\t\t\t<div class=\"e-con-inner\">\n\t\t<div class=\"elementor-element elementor-element-612883b e-con-full e-flex e-con e-child\" data-id=\"612883b\" data-element_type=\"container\" data-e-type=\"container\">\n\t\t\t\t<div class=\"elementor-element elementor-element-6160055 elementor-widget elementor-widget-text-editor\" data-id=\"6160055\" data-element_type=\"widget\" data-e-type=\"widget\" data-widget_type=\"text-editor.default\">\n\t\t\t\t<div class=\"elementor-widget-container\">\n\t\t\t\t\t\t\t\t\t<h2 style=\"text-align: center;\">La reuni\u00f3n con \u00c1frica<\/h2>\t\t\t\t\t\t\t\t<\/div>\n\t\t\t\t<\/div>\n\t\t\t\t<div class=\"elementor-element elementor-element-93843b6 elementor-widget elementor-widget-text-editor\" data-id=\"93843b6\" data-element_type=\"widget\" data-e-type=\"widget\" data-widget_type=\"text-editor.default\">\n\t\t\t\t<div class=\"elementor-widget-container\">\n\t\t\t\t\t\t\t\t\t<p>Incluso hoy, 30 a\u00f1os despu\u00e9s, recuerdo lo que sent\u00ed al bajar del avi\u00f3n y enfrentarme a \u00c1frica por primera vez. Ten\u00eda 14 a\u00f1os y nunca hab\u00eda viajado al extranjero. A\u00fan recuerdo el olor a polvo y el c\u00e1lido viento africano que me azot\u00f3. Abajo, varios africanos nos sonre\u00edan, nos daban la mano y nos daban la bienvenida. Un primer encuentro con un continente que me abri\u00f3 el mundo. En ese momento me di cuenta de que quer\u00eda hacer algo para cambiar el mundo, pero entonces no sab\u00eda c\u00f3mo.<\/p>\t\t\t\t\t\t\t\t<\/div>\n\t\t\t\t<\/div>\n\t\t\t\t<\/div>\n\t\t\t\t\t<\/div>\n\t\t\t\t<\/div>\n\t\t<div class=\"elementor-element elementor-element-890d45e e-flex e-con-boxed e-con e-parent\" data-id=\"890d45e\" data-element_type=\"container\" data-e-type=\"container\">\n\t\t\t\t\t<div class=\"e-con-inner\">\n\t\t<div class=\"elementor-element elementor-element-49a6080 e-con-full e-flex e-con e-child\" data-id=\"49a6080\" data-element_type=\"container\" data-e-type=\"container\">\n\t\t\t\t<div class=\"elementor-element elementor-element-bea0baa elementor-widget elementor-widget-heading\" data-id=\"bea0baa\" data-element_type=\"widget\" data-e-type=\"widget\" data-widget_type=\"heading.default\">\n\t\t\t\t<div class=\"elementor-widget-container\">\n\t\t\t\t\t<h3 class=\"elementor-heading-title elementor-size-default\">Pasi\u00f3n por la protecci\u00f3n del medio ambiente<\/h3>\t\t\t\t<\/div>\n\t\t\t\t<\/div>\n\t\t\t\t<div class=\"elementor-element elementor-element-54a5760 elementor-widget elementor-widget-text-editor\" data-id=\"54a5760\" data-element_type=\"widget\" data-e-type=\"widget\" data-widget_type=\"text-editor.default\">\n\t\t\t\t<div class=\"elementor-widget-container\">\n\t\t\t\t\t\t\t\t\t<p>Mediados de los 90. Mi pasi\u00f3n por la gesti\u00f3n medioambiental me llev\u00f3 a estudiar qu\u00edmica, biolog\u00eda e ingenier\u00eda medioambiental. Pero el destino quiso que acabara en la industria farmac\u00e9utica y trabajara all\u00ed varios a\u00f1os. Fue una \u00e9poca instructiva, aunque no me sintiera del todo a gusto.<\/p>\t\t\t\t\t\t\t\t<\/div>\n\t\t\t\t<\/div>\n\t\t\t\t<\/div>\n\t\t\t\t\t<\/div>\n\t\t\t\t<\/div>\n\t\t<div class=\"elementor-element elementor-element-196128b e-flex e-con-boxed e-con e-parent\" data-id=\"196128b\" data-element_type=\"container\" data-e-type=\"container\">\n\t\t\t\t\t<div class=\"e-con-inner\">\n\t\t<div class=\"elementor-element elementor-element-2d9b480 e-con-full e-flex e-con e-child\" data-id=\"2d9b480\" data-element_type=\"container\" data-e-type=\"container\">\n\t\t<div class=\"elementor-element elementor-element-e1a300b e-con-full e-flex e-con e-child\" data-id=\"e1a300b\" data-element_type=\"container\" data-e-type=\"container\">\n\t\t\t\t<div class=\"elementor-element elementor-element-cd99e15 elementor-widget elementor-widget-heading\" data-id=\"cd99e15\" data-element_type=\"widget\" data-e-type=\"widget\" data-widget_type=\"heading.default\">\n\t\t\t\t<div class=\"elementor-widget-container\">\n\t\t\t\t\t<h3 class=\"elementor-heading-title elementor-size-default\">Mam\u00e1 por primera vez<\/h3>\t\t\t\t<\/div>\n\t\t\t\t<\/div>\n\t\t\t\t<div class=\"elementor-element elementor-element-8571dda elementor-widget elementor-widget-text-editor\" data-id=\"8571dda\" data-element_type=\"widget\" data-e-type=\"widget\" data-widget_type=\"text-editor.default\">\n\t\t\t\t<div class=\"elementor-widget-container\">\n\t\t\t\t\t\t\t\t\t<p>Unos 10 a\u00f1os m\u00e1s tarde... Pero entonces, una hermosa ma\u00f1ana de octubre de 2008, me convert\u00ed en madre de una ni\u00f1a incre\u00edble, a la que, por supuesto, quer\u00eda dar el mejor comienzo en la vida. Entonces volv\u00ed a pensar en lo que una vez viv\u00ed y en poder proporcionar seguridad cerca de mi hija. Me pareci\u00f3 natural comprar un fular portabeb\u00e9s y llevarla como hab\u00eda visto en otras partes del mundo.\u00a0<\/p>\t\t\t\t\t\t\t\t<\/div>\n\t\t\t\t<\/div>\n\t\t\t\t<\/div>\n\t\t<div class=\"elementor-element elementor-element-76c42ec e-con-full e-flex e-con e-child\" data-id=\"76c42ec\" data-element_type=\"container\" data-e-type=\"container\">\n\t\t\t\t<div class=\"elementor-element elementor-element-3b0b379 elementor-widget elementor-widget-image\" data-id=\"3b0b379\" data-element_type=\"widget\" data-e-type=\"widget\" data-widget_type=\"image.default\">\n\t\t\t\t<div class=\"elementor-widget-container\">\n\t\t\t\t\t\t\t\t\t\t\t\t\t\t\t<img fetchpriority=\"high\" decoding=\"async\" width=\"768\" height=\"871\" src=\"https:\/\/www.aldoriababy.com\/wp-content\/uploads\/2021\/03\/aldoria_omoss2-768x871.jpg\" class=\"attachment-medium_large size-medium_large wp-image-917\" alt=\"\" srcset=\"https:\/\/www.aldoriababy.com\/wp-content\/uploads\/2021\/03\/aldoria_omoss2-768x871.jpg 768w, https:\/\/www.aldoriababy.com\/wp-content\/uploads\/2021\/03\/aldoria_omoss2-600x681.jpg 600w, https:\/\/www.aldoriababy.com\/wp-content\/uploads\/2021\/03\/aldoria_omoss2-264x300.jpg 264w, https:\/\/www.aldoriababy.com\/wp-content\/uploads\/2021\/03\/aldoria_omoss2-555x630.jpg 555w, https:\/\/www.aldoriababy.com\/wp-content\/uploads\/2021\/03\/aldoria_omoss2-700x794.jpg 700w, https:\/\/www.aldoriababy.com\/wp-content\/uploads\/2021\/03\/aldoria_omoss2.jpg 1080w\" sizes=\"(max-width: 768px) 100vw, 768px\" \/>\t\t\t\t\t\t\t\t\t\t\t\t\t\t\t<\/div>\n\t\t\t\t<\/div>\n\t\t\t\t<\/div>\n\t\t\t\t<\/div>\n\t\t\t\t\t<\/div>\n\t\t\t\t<\/div>\n\t\t<div class=\"elementor-element elementor-element-aa6bbf5 e-flex e-con-boxed e-con e-parent\" data-id=\"aa6bbf5\" data-element_type=\"container\" data-e-type=\"container\">\n\t\t\t\t\t<div class=\"e-con-inner\">\n\t\t<div class=\"elementor-element elementor-element-1afffc7 e-con-full e-flex e-con e-child\" data-id=\"1afffc7\" data-element_type=\"container\" data-e-type=\"container\">\n\t\t<div class=\"elementor-element elementor-element-e93bbc1 e-con-full e-flex e-con e-child\" data-id=\"e93bbc1\" data-element_type=\"container\" data-e-type=\"container\">\n\t\t\t\t<div class=\"elementor-element elementor-element-e67aa63 elementor-widget elementor-widget-heading\" data-id=\"e67aa63\" data-element_type=\"widget\" data-e-type=\"widget\" data-widget_type=\"heading.default\">\n\t\t\t\t<div class=\"elementor-widget-container\">\n\t\t\t\t\t<h3 class=\"elementor-heading-title elementor-size-default\">En 2010 naci\u00f3 Aldoria<\/h3>\t\t\t\t<\/div>\n\t\t\t\t<\/div>\n\t\t\t\t<div class=\"elementor-element elementor-element-fd65b5f elementor-widget elementor-widget-text-editor\" data-id=\"fd65b5f\" data-element_type=\"widget\" data-e-type=\"widget\" data-widget_type=\"text-editor.default\">\n\t\t\t\t<div class=\"elementor-widget-container\">\n\t\t\t\t\t\t\t\t\t<p>En 2010, se fund\u00f3 <strong data-start=\"1551\" data-end=\"1567\">Aldoria Beb\u00e9<\/strong>con la visi\u00f3n de ofrecer mochilas porta beb\u00e9 y productos para beb\u00e9s que combinen comodidad, funcionalidad, materiales duraderos y cercan\u00eda entre el ni\u00f1o y sus padres. El viaje comenz\u00f3 con nuestro producto m\u00e1s querido, <strong data-start=\"1755\" data-end=\"1777\">Aldoria Bambu Soft<\/strong>un suave fular portabeb\u00e9s de punto de bamb\u00fa. Con el tiempo, la gama ha crecido, pero la idea b\u00e1sica es la misma: crear productos que aporten seguridad, calidad y cuidado, tanto para los ni\u00f1os como para los padres.<\/p><p>Hoy en d\u00eda, Aldoria Baby es una marca muy conocida con distribuidores en Suecia y en varios pa\u00edses de la regi\u00f3n n\u00f3rdica y Europa. Cada producto se desarrolla con el coraz\u00f3n, la experiencia y la firme convicci\u00f3n de que la cercan\u00eda es uno de los regalos m\u00e1s importantes que podemos hacer a nuestros hijos.<\/p>\t\t\t\t\t\t\t\t<\/div>\n\t\t\t\t<\/div>\n\t\t\t\t<\/div>\n\t\t<div class=\"elementor-element elementor-element-97812ef e-con-full e-flex e-con e-child\" data-id=\"97812ef\" data-element_type=\"container\" data-e-type=\"container\">\n\t\t\t\t<div class=\"elementor-element elementor-element-bbfa043 elementor-widget elementor-widget-image\" data-id=\"bbfa043\" data-element_type=\"widget\" data-e-type=\"widget\" data-widget_type=\"image.default\">\n\t\t\t\t<div class=\"elementor-widget-container\">\n\t\t\t\t\t\t\t\t\t\t\t\t\t\t\t<img decoding=\"async\" width=\"768\" height=\"897\" src=\"https:\/\/www.aldoriababy.com\/wp-content\/uploads\/2021\/03\/aldoria_800x934-768x897.jpg\" class=\"attachment-medium_large size-medium_large wp-image-912\" alt=\"\" srcset=\"https:\/\/www.aldoriababy.com\/wp-content\/uploads\/2021\/03\/aldoria_800x934-768x897.jpg 768w, https:\/\/www.aldoriababy.com\/wp-content\/uploads\/2021\/03\/aldoria_800x934-600x701.jpg 600w, https:\/\/www.aldoriababy.com\/wp-content\/uploads\/2021\/03\/aldoria_800x934-257x300.jpg 257w, https:\/\/www.aldoriababy.com\/wp-content\/uploads\/2021\/03\/aldoria_800x934-540x630.jpg 540w, https:\/\/www.aldoriababy.com\/wp-content\/uploads\/2021\/03\/aldoria_800x934-700x817.jpg 700w, https:\/\/www.aldoriababy.com\/wp-content\/uploads\/2021\/03\/aldoria_800x934.jpg 800w\" sizes=\"(max-width: 768px) 100vw, 768px\" \/>\t\t\t\t\t\t\t\t\t\t\t\t\t\t\t<\/div>\n\t\t\t\t<\/div>\n\t\t\t\t<\/div>\n\t\t\t\t<\/div>\n\t\t\t\t\t<\/div>\n\t\t\t\t<\/div>\n\t\t\t\t<\/div>","protected":false},"excerpt":{"rendered":"<p>Om Aldoria M\u00f6tet med Afrika \u00c4n idag 30 \u00e5r senare minns jag hur det k\u00e4ndes att kliva av planet och m\u00f6ta Afrika f\u00f6r f\u00f6rsta g\u00e5ngen. Jag var 14 \u00e5r och hade aldrig rest utomlands tidigare. Jag minns \u00e4nnu lukten av damm och den heta afrikanska vinden som slog emot mig. Nedanf\u00f6r stod flera afrikaner som [&hellip;]<\/p>\n","protected":false},"author":3,"featured_media":0,"parent":0,"menu_order":0,"comment_status":"closed","ping_status":"closed","template":"","meta":{"footnotes":""},"class_list":["post-498","page","type-page","status-publish","hentry"],"yoast_head":"<!-- This site is optimized with the Yoast SEO plugin v27.4 - https:\/\/yoast.com\/product\/yoast-seo-wordpress\/ -->\n<title>Om oss - Ekologiska b\u00e4rsjalar - Aldoria Baby<\/title>\n<meta name=\"description\" content=\"Allt b\u00f6rjade nog n\u00e4r min en av mina b\u00e4sta v\u00e4nner fick sitt f\u00f6rsta barn f\u00f6r 20 \u00e5r sedan, i mitten p\u00e5 90-talet.\" \/>\n<meta name=\"robots\" content=\"index, follow, max-snippet:-1, max-image-preview:large, max-video-preview:-1\" \/>\n<link rel=\"canonical\" href=\"https:\/\/www.aldoriababy.com\/es\/acerca-de-nosotros\/\" \/>\n<meta property=\"og:locale\" content=\"es_ES\" \/>\n<meta property=\"og:type\" content=\"article\" \/>\n<meta property=\"og:title\" content=\"Om oss - Ekologiska b\u00e4rsjalar - Aldoria Baby\" \/>\n<meta property=\"og:description\" content=\"Allt b\u00f6rjade nog n\u00e4r min en av mina b\u00e4sta v\u00e4nner fick sitt f\u00f6rsta barn f\u00f6r 20 \u00e5r sedan, i mitten p\u00e5 90-talet.\" \/>\n<meta property=\"og:url\" content=\"https:\/\/www.aldoriababy.com\/es\/acerca-de-nosotros\/\" \/>\n<meta property=\"og:site_name\" content=\"Aldoria - ekologiska b\u00e4rsjalar\" \/>\n<meta property=\"article:modified_time\" content=\"2026-04-13T13:00:00+00:00\" \/>\n<meta property=\"og:image\" content=\"https:\/\/www.aldoriababy.com\/wp-content\/uploads\/2021\/03\/aldoria_omoss2-768x871.jpg\" \/>\n<meta name=\"twitter:card\" content=\"summary_large_image\" \/>\n<meta name=\"twitter:label1\" content=\"Tiempo de lectura\" \/>\n\t<meta name=\"twitter:data1\" content=\"3 minutos\" \/>\n<script type=\"application\/ld+json\" class=\"yoast-schema-graph\">{\"@context\":\"https:\\\/\\\/schema.org\",\"@graph\":[{\"@type\":\"WebPage\",\"@id\":\"https:\\\/\\\/www.aldoriababy.com\\\/om-oss\\\/\",\"url\":\"https:\\\/\\\/www.aldoriababy.com\\\/om-oss\\\/\",\"name\":\"Om oss - Ekologiska b\u00e4rsjalar - Aldoria Baby\",\"isPartOf\":{\"@id\":\"https:\\\/\\\/www.aldoriababy.com\\\/#website\"},\"primaryImageOfPage\":{\"@id\":\"https:\\\/\\\/www.aldoriababy.com\\\/om-oss\\\/#primaryimage\"},\"image\":{\"@id\":\"https:\\\/\\\/www.aldoriababy.com\\\/om-oss\\\/#primaryimage\"},\"thumbnailUrl\":\"https:\\\/\\\/www.aldoriababy.com\\\/wp-content\\\/uploads\\\/2021\\\/03\\\/aldoria_omoss2-768x871.jpg\",\"datePublished\":\"2020-07-09T10:25:38+00:00\",\"dateModified\":\"2026-04-13T13:00:00+00:00\",\"description\":\"Allt b\u00f6rjade nog n\u00e4r min en av mina b\u00e4sta v\u00e4nner fick sitt f\u00f6rsta barn f\u00f6r 20 \u00e5r sedan, i mitten p\u00e5 90-talet.\",\"breadcrumb\":{\"@id\":\"https:\\\/\\\/www.aldoriababy.com\\\/om-oss\\\/#breadcrumb\"},\"inLanguage\":\"es\",\"potentialAction\":[{\"@type\":\"ReadAction\",\"target\":[\"https:\\\/\\\/www.aldoriababy.com\\\/om-oss\\\/\"]}]},{\"@type\":\"ImageObject\",\"inLanguage\":\"es\",\"@id\":\"https:\\\/\\\/www.aldoriababy.com\\\/om-oss\\\/#primaryimage\",\"url\":\"https:\\\/\\\/www.aldoriababy.com\\\/wp-content\\\/uploads\\\/2021\\\/03\\\/aldoria_omoss2-768x871.jpg\",\"contentUrl\":\"https:\\\/\\\/www.aldoriababy.com\\\/wp-content\\\/uploads\\\/2021\\\/03\\\/aldoria_omoss2-768x871.jpg\"},{\"@type\":\"BreadcrumbList\",\"@id\":\"https:\\\/\\\/www.aldoriababy.com\\\/om-oss\\\/#breadcrumb\",\"itemListElement\":[{\"@type\":\"ListItem\",\"position\":1,\"name\":\"Hem\",\"item\":\"https:\\\/\\\/www.aldoriababy.com\\\/\"},{\"@type\":\"ListItem\",\"position\":2,\"name\":\"Om oss\"}]},{\"@type\":\"WebSite\",\"@id\":\"https:\\\/\\\/www.aldoriababy.com\\\/#website\",\"url\":\"https:\\\/\\\/www.aldoriababy.com\\\/\",\"name\":\"Aldoria - ekologiska b\u00e4rsjalar\",\"description\":\"Aldoria - ekologiska b\u00e4rsjalar\",\"publisher\":{\"@id\":\"https:\\\/\\\/www.aldoriababy.com\\\/#organization\"},\"potentialAction\":[{\"@type\":\"SearchAction\",\"target\":{\"@type\":\"EntryPoint\",\"urlTemplate\":\"https:\\\/\\\/www.aldoriababy.com\\\/?s={search_term_string}\"},\"query-input\":{\"@type\":\"PropertyValueSpecification\",\"valueRequired\":true,\"valueName\":\"search_term_string\"}}],\"inLanguage\":\"es\"},{\"@type\":\"Organization\",\"@id\":\"https:\\\/\\\/www.aldoriababy.com\\\/#organization\",\"name\":\"Aldoria Baby\",\"url\":\"https:\\\/\\\/www.aldoriababy.com\\\/\",\"logo\":{\"@type\":\"ImageObject\",\"inLanguage\":\"es\",\"@id\":\"https:\\\/\\\/www.aldoriababy.com\\\/#\\\/schema\\\/logo\\\/image\\\/\",\"url\":\"https:\\\/\\\/www.aldoriababy.com\\\/wp-content\\\/uploads\\\/2021\\\/03\\\/aldoria-331x200-1.jpg\",\"contentUrl\":\"https:\\\/\\\/www.aldoriababy.com\\\/wp-content\\\/uploads\\\/2021\\\/03\\\/aldoria-331x200-1.jpg\",\"width\":331,\"height\":200,\"caption\":\"Aldoria Baby\"},\"image\":{\"@id\":\"https:\\\/\\\/www.aldoriababy.com\\\/#\\\/schema\\\/logo\\\/image\\\/\"}}]}<\/script>\n<!-- \/ Yoast SEO plugin. -->","yoast_head_json":{"title":"Sobre nosotros - Fulares portabeb\u00e9s ecol\u00f3gicos - Aldoria Baby","description":"Creo que todo empez\u00f3 cuando una de mis mejores amigas tuvo su primer hijo hace 20 a\u00f1os, a mediados de los 90.","robots":{"index":"index","follow":"follow","max-snippet":"max-snippet:-1","max-image-preview":"max-image-preview:large","max-video-preview":"max-video-preview:-1"},"canonical":"https:\/\/www.aldoriababy.com\/es\/acerca-de-nosotros\/","og_locale":"es_ES","og_type":"article","og_title":"Om oss - Ekologiska b\u00e4rsjalar - Aldoria Baby","og_description":"Allt b\u00f6rjade nog n\u00e4r min en av mina b\u00e4sta v\u00e4nner fick sitt f\u00f6rsta barn f\u00f6r 20 \u00e5r sedan, i mitten p\u00e5 90-talet.","og_url":"https:\/\/www.aldoriababy.com\/es\/acerca-de-nosotros\/","og_site_name":"Aldoria - ekologiska b\u00e4rsjalar","article_modified_time":"2026-04-13T13:00:00+00:00","og_image":[{"url":"https:\/\/www.aldoriababy.com\/wp-content\/uploads\/2021\/03\/aldoria_omoss2-768x871.jpg","type":"","width":"","height":""}],"twitter_card":"summary_large_image","twitter_misc":{"Tiempo de lectura":"3 minutos"},"schema":{"@context":"https:\/\/schema.org","@graph":[{"@type":"WebPage","@id":"https:\/\/www.aldoriababy.com\/om-oss\/","url":"https:\/\/www.aldoriababy.com\/om-oss\/","name":"Sobre nosotros - Fulares portabeb\u00e9s ecol\u00f3gicos - Aldoria Baby","isPartOf":{"@id":"https:\/\/www.aldoriababy.com\/#website"},"primaryImageOfPage":{"@id":"https:\/\/www.aldoriababy.com\/om-oss\/#primaryimage"},"image":{"@id":"https:\/\/www.aldoriababy.com\/om-oss\/#primaryimage"},"thumbnailUrl":"https:\/\/www.aldoriababy.com\/wp-content\/uploads\/2021\/03\/aldoria_omoss2-768x871.jpg","datePublished":"2020-07-09T10:25:38+00:00","dateModified":"2026-04-13T13:00:00+00:00","description":"Creo que todo empez\u00f3 cuando una de mis mejores amigas tuvo su primer hijo hace 20 a\u00f1os, a mediados de los 90.","breadcrumb":{"@id":"https:\/\/www.aldoriababy.com\/om-oss\/#breadcrumb"},"inLanguage":"es","potentialAction":[{"@type":"ReadAction","target":["https:\/\/www.aldoriababy.com\/om-oss\/"]}]},{"@type":"ImageObject","inLanguage":"es","@id":"https:\/\/www.aldoriababy.com\/om-oss\/#primaryimage","url":"https:\/\/www.aldoriababy.com\/wp-content\/uploads\/2021\/03\/aldoria_omoss2-768x871.jpg","contentUrl":"https:\/\/www.aldoriababy.com\/wp-content\/uploads\/2021\/03\/aldoria_omoss2-768x871.jpg"},{"@type":"BreadcrumbList","@id":"https:\/\/www.aldoriababy.com\/om-oss\/#breadcrumb","itemListElement":[{"@type":"ListItem","position":1,"name":"Hem","item":"https:\/\/www.aldoriababy.com\/"},{"@type":"ListItem","position":2,"name":"Om oss"}]},{"@type":"WebSite","@id":"https:\/\/www.aldoriababy.com\/#website","url":"https:\/\/www.aldoriababy.com\/","name":"Aldoria - fulares portabeb\u00e9s ecol\u00f3gicos","description":"Aldoria - fulares portabeb\u00e9s ecol\u00f3gicos","publisher":{"@id":"https:\/\/www.aldoriababy.com\/#organization"},"potentialAction":[{"@type":"SearchAction","target":{"@type":"EntryPoint","urlTemplate":"https:\/\/www.aldoriababy.com\/?s={search_term_string}"},"query-input":{"@type":"PropertyValueSpecification","valueRequired":true,"valueName":"search_term_string"}}],"inLanguage":"es"},{"@type":"Organization","@id":"https:\/\/www.aldoriababy.com\/#organization","name":"Aldoria Beb\u00e9","url":"https:\/\/www.aldoriababy.com\/","logo":{"@type":"ImageObject","inLanguage":"es","@id":"https:\/\/www.aldoriababy.com\/#\/schema\/logo\/image\/","url":"https:\/\/www.aldoriababy.com\/wp-content\/uploads\/2021\/03\/aldoria-331x200-1.jpg","contentUrl":"https:\/\/www.aldoriababy.com\/wp-content\/uploads\/2021\/03\/aldoria-331x200-1.jpg","width":331,"height":200,"caption":"Aldoria Baby"},"image":{"@id":"https:\/\/www.aldoriababy.com\/#\/schema\/logo\/image\/"}}]}},"_links":{"self":[{"href":"https:\/\/www.aldoriababy.com\/es\/wp-json\/wp\/v2\/pages\/498","targetHints":{"allow":["GET"]}}],"collection":[{"href":"https:\/\/www.aldoriababy.com\/es\/wp-json\/wp\/v2\/pages"}],"about":[{"href":"https:\/\/www.aldoriababy.com\/es\/wp-json\/wp\/v2\/types\/page"}],"author":[{"embeddable":true,"href":"https:\/\/www.aldoriababy.com\/es\/wp-json\/wp\/v2\/users\/3"}],"replies":[{"embeddable":true,"href":"https:\/\/www.aldoriababy.com\/es\/wp-json\/wp\/v2\/comments?post=498"}],"version-history":[{"count":86,"href":"https:\/\/www.aldoriababy.com\/es\/wp-json\/wp\/v2\/pages\/498\/revisions"}],"predecessor-version":[{"id":1979,"href":"https:\/\/www.aldoriababy.com\/es\/wp-json\/wp\/v2\/pages\/498\/revisions\/1979"}],"wp:attachment":[{"href":"https:\/\/www.aldoriababy.com\/es\/wp-json\/wp\/v2\/media?parent=498"}],"curies":[{"name":"wp","href":"https:\/\/api.w.org\/{rel}","templated":true}]}}